{"version":"1.0","provider_name":"Asociaci\u00f3n Quincho Barrilete","provider_url":"https:\/\/www.quinchobarrilete.org.ni\/ing","author_name":"WebQuincho","author_url":"https:\/\/www.quinchobarrilete.org.ni\/ing\/author\/webquincho\/","title":"LA SALUD VISUAL ES PRIORIDAD - Asociaci\u00f3n Quincho Barrilete","type":"rich","width":600,"height":338,"html":"<blockquote class=\"wp-embedded-content\" data-secret=\"Lnz2yfi5MZ\"><a href=\"https:\/\/www.quinchobarrilete.org.ni\/ing\/aqb-garantiza-el-derecho-a-la-salud\/\">LA SALUD VISUAL ES PRIORIDAD<\/a><\/blockquote><iframe sandbox=\"allow-scripts\" security=\"restricted\" src=\"https:\/\/www.quinchobarrilete.org.ni\/ing\/aqb-garantiza-el-derecho-a-la-salud\/embed\/#?secret=Lnz2yfi5MZ\" width=\"600\" height=\"338\" title=\"&#8220;LA SALUD VISUAL ES PRIORIDAD&#8221; &#8212; Asociaci\u00f3n Quincho Barrilete\" data-secret=\"Lnz2yfi5MZ\" frameborder=\"0\" marginwidth=\"0\" marginheight=\"0\" scrolling=\"no\" class=\"wp-embedded-content\"><\/iframe><script>\n\/*! This file is auto-generated *\/\n!function(d,l){\"use strict\";l.querySelector&&d.addEventListener&&\"undefined\"!=typeof URL&&(d.wp=d.wp||{},d.wp.receiveEmbedMessage||(d.wp.receiveEmbedMessage=function(e){var t=e.data;if((t||t.secret||t.message||t.value)&&!\/[^a-zA-Z0-9]\/.test(t.secret)){for(var s,r,n,a=l.querySelectorAll('iframe[data-secret=\"'+t.secret+'\"]'),o=l.querySelectorAll('blockquote[data-secret=\"'+t.secret+'\"]'),c=new RegExp(\"^https?:$\",\"i\"),i=0;i<o.length;i++)o[i].style.display=\"none\";for(i=0;i<a.length;i++)s=a[i],e.source===s.contentWindow&&(s.removeAttribute(\"style\"),\"height\"===t.message?(1e3<(r=parseInt(t.value,10))?r=1e3:~~r<200&&(r=200),s.height=r):\"link\"===t.message&&(r=new URL(s.getAttribute(\"src\")),n=new URL(t.value),c.test(n.protocol))&&n.host===r.host&&l.activeElement===s&&(d.top.location.href=t.value))}},d.addEventListener(\"message\",d.wp.receiveEmbedMessage,!1),l.addEventListener(\"DOMContentLoaded\",function(){for(var e,t,s=l.querySelectorAll(\"iframe.wp-embedded-content\"),r=0;r<s.length;r++)(t=(e=s[r]).getAttribute(\"data-secret\"))||(t=Math.random().toString(36).substring(2,12),e.src+=\"#?secret=\"+t,e.setAttribute(\"data-secret\",t)),e.contentWindow.postMessage({message:\"ready\",secret:t},\"*\")},!1)))}(window,document);\n\/\/# sourceURL=https:\/\/www.quinchobarrilete.org.ni\/wp-includes\/js\/wp-embed.min.js\n<\/script>","thumbnail_url":"https:\/\/www.quinchobarrilete.org.ni\/wp-content\/uploads\/2022\/03\/OF-2.jpg","thumbnail_width":594,"thumbnail_height":562,"description":"La Organizaci\u00f3n Mundial de la Salud (OMS), en un informe sobre la visi\u00f3n, detall\u00f3 que m\u00e1s de mil millones de personas en todo el mundo viven con deficiencia visual al no recibir la atenci\u00f3n primaria que necesitaron en afectaciones como la miop\u00eda, y la hipermetrop\u00eda."}